{"id":444,"date":"2025-11-02T21:56:43","date_gmt":"2025-11-02T21:56:43","guid":{"rendered":"https:\/\/eszterslashandbrow.com\/home\/"},"modified":"2026-01-20T07:43:14","modified_gmt":"2026-01-20T07:43:14","slug":"home","status":"publish","type":"page","link":"https:\/\/eszterslashandbrow.com\/hu\/","title":{"rendered":"Kezd\u0151lap"},"content":{"rendered":"<div class=\"wp-block-cover alignfull is-light has-custom-content-position is-position-bottom-right top-cover wp-elements-e61ea0623e8972b43411750c0986e763 wp-duotone-unset-1\" style=\"min-height:506px;aspect-ratio:unset;\"><img loading=\"lazy\" decoding=\"async\" width=\"1536\" height=\"1024\" class=\"wp-block-cover__image-background wp-image-2432 size-full\" alt=\"\" src=\"https:\/\/eszterslashandbrow.com\/wp-content\/uploads\/2026\/01\/ChatGPT-Image-Jan-18-2026-11_34_17-AM.png\" style=\"object-position:13% 18%\" data-object-fit=\"cover\" data-object-position=\"13% 18%\" srcset=\"https:\/\/eszterslashandbrow.com\/wp-content\/uploads\/2026\/01\/ChatGPT-Image-Jan-18-2026-11_34_17-AM.png 1536w, https:\/\/eszterslashandbrow.com\/wp-content\/uploads\/2026\/01\/ChatGPT-Image-Jan-18-2026-11_34_17-AM-300x200.png 300w, https:\/\/eszterslashandbrow.com\/wp-content\/uploads\/2026\/01\/ChatGPT-Image-Jan-18-2026-11_34_17-AM-1024x683.png 1024w, https:\/\/eszterslashandbrow.com\/wp-content\/uploads\/2026\/01\/ChatGPT-Image-Jan-18-2026-11_34_17-AM-768x512.png 768w, https:\/\/eszterslashandbrow.com\/wp-content\/uploads\/2026\/01\/ChatGPT-Image-Jan-18-2026-11_34_17-AM-18x12.png 18w\" sizes=\"auto, (max-width: 1536px) 100vw, 1536px\" \/><span aria-hidden=\"true\" class=\"wp-block-cover__background has-palette-color-2-background-color has-background-dim-0 has-background-dim\"><\/span><div class=\"wp-block-cover__inner-container is-layout-flow wp-block-cover-is-layout-flow\">\n<p class=\"has-text-align-right has-palette-color-1-color has-text-color has-link-color wp-elements-6b4937c5609c80d32f229cc871ea2505\" style=\"border-radius:0px;margin-top:0;margin-right:0;margin-bottom:0;margin-left:0;padding-right:0;padding-left:0;font-size:clamp(27.894px, 1.743rem + ((1vw - 3.2px) * 1.571), 48px);\"><strong>ESZTER\u2019S LASH AND BROW<\/strong><\/p>\n\n\n\n<p class=\"has-text-align-right has-palette-color-1-color has-text-color has-link-color wp-elements-c15eb599659c6000c9ef1b9036aa0355\" style=\"margin-right:0;margin-left:0;padding-right:0;padding-left:0;font-size:clamp(14px, 0.875rem + ((1vw - 3.2px) * 0.391), 19px);\">Exkluz\u00edv szempilla- \u00e9s szem\u00f6ld\u00f6kst\u00fadi\u00f3 Budapesten a 3. ker\u00fcletben<\/p>\n<\/div><\/div>\n\n\n\n<div class=\"wp-block-uagb-container uagb-block-8493428a alignfull uagb-is-root-container\"><div class=\"uagb-container-inner-blocks-wrap\">\n<div class=\"wp-block-uagb-advanced-heading uagb-block-e6f6047c\"><h2 class=\"uagb-heading-text\">Exkluz\u00edv szempilla \u00e9s szem\u00f6ld\u00f6k szalon<\/h2><\/div>\n\n\n\n<p class=\"has-text-align-center translation-block\">St\u00fadi\u00f3m egy b\u00e9k\u00e9s mened\u00e9khely, melyet \u00fagy terveztem meg, hogy seg\u00edtsen neked lelassulni, ellazulni, \u00e9s azt \u00e9rezni, hogy gondoskodom r\u00f3lad. Minden kezel\u00e9st prec\u00edzen \u00e9s a r\u00e9szletekre val\u00f3 legnagyobb odafigyel\u00e9ssel v\u00e9gzek. Az eleg\u00e1ns \u00e9s term\u00e9szetes megjelen\u00e9sben hiszek, melyen bel\u00fcl a hozz\u00e1d legink\u00e1bb ill\u0151 st\u00edlust veled egyeztetve v\u00e1lasztom ki. B\u00edzom benne, hogy az eredm\u00e9nnyel szebbnek \u00e9s k\u00f6nnyed\u00e9n magabiztosnak \u00e9rzed majd magad.<\/p>\n<\/div><\/div>\n\n\n\n<div class=\"wp-block-uagb-container uagb-block-07a596e0 alignfull uagb-is-root-container\"><div class=\"uagb-container-inner-blocks-wrap\">\n<div class=\"wp-block-uagb-container uagb-block-a0f38b7a\">\n<div class=\"wp-block-uagb-container uagb-block-486f2606\">\n<div style=\"aspect-ratio:1;min-height:unset;\" class=\"wp-block-cover is-light has-aspect-ratio\"><img loading=\"lazy\" decoding=\"async\" width=\"1024\" height=\"683\" class=\"wp-block-cover__image-background wp-image-2292 size-large\" alt=\"\" src=\"https:\/\/eszterslashandbrow.com\/wp-content\/uploads\/2025\/12\/Volume-Lash-Extensions-1024x683.png\" data-object-fit=\"cover\" srcset=\"https:\/\/eszterslashandbrow.com\/wp-content\/uploads\/2025\/12\/Volume-Lash-Extensions-1024x683.png 1024w, https:\/\/eszterslashandbrow.com\/wp-content\/uploads\/2025\/12\/Volume-Lash-Extensions-300x200.png 300w, https:\/\/eszterslashandbrow.com\/wp-content\/uploads\/2025\/12\/Volume-Lash-Extensions-768x512.png 768w, https:\/\/eszterslashandbrow.com\/wp-content\/uploads\/2025\/12\/Volume-Lash-Extensions.png 1536w\" sizes=\"auto, (max-width: 1024px) 100vw, 1024px\" \/><span aria-hidden=\"true\" class=\"wp-block-cover__background has-palette-color-2-background-color has-background-dim-10 has-background-dim\"><\/span><div class=\"wp-block-cover__inner-container is-layout-constrained wp-block-cover-is-layout-constrained\">\n<p class=\"has-text-align-center has-large-font-size\"><\/p>\n<\/div><\/div>\n<\/div>\n\n\n\n<div class=\"wp-block-uagb-container uagb-block-cdf1f326\">\n<div class=\"wp-block-uagb-advanced-heading uagb-block-508252e7\"><h6 class=\"uagb-heading-text\">Szolg\u00e1ltat\u00e1sok<\/h6><\/div>\n\n\n\n<div class=\"wp-block-uagb-info-box uagb-block-562a885f uagb-infobox__content-wrap  uagb-infobox-icon-above-title uagb-infobox-image-valign-top\"><div class=\"uagb-ifb-content\"><div class=\"uagb-ifb-title-wrap\"><h4 class=\"uagb-ifb-title\">SZEMPILLA<\/h4><\/div><p class=\"uagb-ifb-desc\">A szempilla hosszabb\u00edt\u00e1s \u00e9s a pilla \u00edvel\u00e9s is hat\u00e1rozottabb k\u00f6rvonalakat ad a szemednek \u00e9s kiemeli a tekintetedet. B\u00e1rmelyiket is v\u00e1lasztod, a r\u00e9szleteket hozz\u00e1d fogom igaz\u00edtani, hogy az eredm\u00e9nyt teljes m\u00e9rt\u00e9kben a magad\u00e9nak \u00e9rezhesd. Pr\u00e9mium min\u0151s\u00e9g\u0171 anyagokat haszn\u00e1lok, a k\u00e9nyelem nem k\u00e9rd\u00e9s, a visel\u00e9s sor\u00e1n nem lesz \u00e9rezhet\u0151 a v\u00e1ltoz\u00e1s.<\/p><\/div><\/div>\n\n\n\n<div class=\"wp-block-buttons is-layout-flex wp-block-buttons-is-layout-flex\">\n<div class=\"wp-block-button is-style-outline is-style-outline--2\" id=\"\/Services-Pricing\"><a class=\"wp-block-button__link wp-element-button\" href=\"\/hu\/services-pricing\/\">Szolg\u00e1ltat\u00e1sok \u00e9s \u00e1rak megtekint\u00e9se<\/a><\/div>\n<\/div>\n<\/div>\n<\/div>\n\n\n\n<div class=\"wp-block-uagb-container uagb-block-123b42a1\">\n<div class=\"wp-block-uagb-container uagb-block-2e5ab228\">\n<div style=\"aspect-ratio:1;min-height:unset;\" class=\"wp-block-cover is-light has-aspect-ratio\"><img loading=\"lazy\" decoding=\"async\" width=\"500\" height=\"500\" class=\"wp-block-cover__image-background wp-image-2014 size-full\" alt=\"\" src=\"https:\/\/eszterslashandbrow.com\/wp-content\/uploads\/2025\/11\/Black-White-Elegant-Calligraphy-Signature-Beauty-Salon-Logo.webp\" data-object-fit=\"cover\" srcset=\"https:\/\/eszterslashandbrow.com\/wp-content\/uploads\/2025\/11\/Black-White-Elegant-Calligraphy-Signature-Beauty-Salon-Logo.webp 500w, https:\/\/eszterslashandbrow.com\/wp-content\/uploads\/2025\/11\/Black-White-Elegant-Calligraphy-Signature-Beauty-Salon-Logo-300x300.webp 300w, https:\/\/eszterslashandbrow.com\/wp-content\/uploads\/2025\/11\/Black-White-Elegant-Calligraphy-Signature-Beauty-Salon-Logo-150x150.webp 150w\" sizes=\"auto, (max-width: 500px) 100vw, 500px\" \/><span aria-hidden=\"true\" class=\"wp-block-cover__background has-palette-color-2-background-color has-background-dim-10 has-background-dim\"><\/span><div class=\"wp-block-cover__inner-container is-layout-constrained wp-block-cover-is-layout-constrained\">\n<p class=\"has-text-align-center has-large-font-size\"><\/p>\n<\/div><\/div>\n<\/div>\n\n\n\n<div class=\"wp-block-uagb-container uagb-block-fdc9d955\">\n<div class=\"wp-block-uagb-advanced-heading uagb-block-3a1ab4fc\"><h6 class=\"uagb-heading-text\">Szolg\u00e1ltat\u00e1sok<\/h6><\/div>\n\n\n\n<div class=\"wp-block-uagb-info-box uagb-block-abc72619 uagb-infobox__content-wrap  uagb-infobox-icon-above-title uagb-infobox-image-valign-top\"><div class=\"uagb-ifb-content\"><div class=\"uagb-ifb-title-wrap\"><h4 class=\"uagb-ifb-title\">Szem\u00f6ld\u00f6k<\/h4><\/div><p class=\"uagb-ifb-desc\">A sz\u00e9pen \u00edvelt \u00e9s rendezett szem\u00f6ld\u00f6k \u00e1polt megjelen\u00e9st biztos\u00edt akkor is, ha nincs id\u0151d kisminkelni magad. Persze nem mindenkihez ugyanaz a forma \u00e9s st\u00edlus illik, \u00e9s ez\u00e9rt \u2013 a szakma szab\u00e1lyain bel\u00fcl \u2013 megbesz\u00e9lem veled, \u00e9s seg\u00edtek eld\u00f6nteni a r\u00e9szleteket. B\u0151rbar\u00e1t term\u00e9keket haszn\u00e1lok, nem mer\u00fclhet fel allergia vagy a kezel\u00e9s sor\u00e1n kellemetlens\u00e9g. <\/p><\/div><\/div>\n\n\n\n<div class=\"wp-block-buttons is-layout-flex wp-block-buttons-is-layout-flex\">\n<div class=\"wp-block-button is-style-outline is-style-outline--3\"><a class=\"wp-block-button__link wp-element-button\" href=\"\/hu\/services-pricing\/\">Szolg\u00e1ltat\u00e1sok \u00e9s \u00e1rak megtekint\u00e9se<\/a><\/div>\n<\/div>\n<\/div>\n<\/div>\n<\/div><\/div>\n\n\n\n<div class=\"wp-block-uagb-container uagb-block-540eb58f alignfull uagb-is-root-container\"><div class=\"uagb-container-inner-blocks-wrap\">\n<div class=\"wp-block-uagb-advanced-heading uagb-block-050df616\"><h6 class=\"uagb-heading-text\">Miben vagyok m\u00e1s?<\/h6><\/div>\n\n\n\n<div class=\"wp-block-uagb-info-box uagb-block-7b04df11 uagb-infobox__content-wrap  uagb-infobox-icon-above-title uagb-infobox-image-valign-top\"><div class=\"uagb-ifb-content\"><div class=\"uagb-ifb-title-wrap\"><h2 class=\"uagb-ifb-title\">Azt adom, amire magam is mindig v\u00e1gytam. Szem\u00e9lyre szabott, nyugodt, odafigyel\u0151, intelligens gondoskod\u00e1st a sz\u00e9ps\u00e9g\u00e1pol\u00e1sban.<\/h2><\/div><p class=\"uagb-ifb-desc translation-block\">Az id\u0151m a tied. Nem sietek \u00e9s nem v\u00e1r r\u00e1m senki egy m\u00e1sik \u00e1gyon vagy az el\u0151t\u00e9rben, mert b\u0151ven hagyok id\u0151t a vend\u00e9geim k\u00f6z\u00f6tt. Meghallgatlak \u00e9s veled egyeztetve, csak r\u00e1d figyelve v\u00e9gzem a kezel\u00e9seket. \n\nHa szeretn\u00e9l, lelassulhatsz, megpihenhetsz. A nyugalmat, csendet \u00e9s sz\u00e9p k\u00f6rnyezetet \u00e9n biztos\u00edtom. Ha besz\u00e9lgetn\u00e9l, annak is \u00f6r\u00fcl\u00f6k. Ez a te id\u0151d, itt \u00e9s most minden r\u00f3lad sz\u00f3l.\n\nPersze, hogy tudom, hiszen eml\u00e9kszem, hogy mennyire neh\u00e9z id\u0151t szak\u00edtani magunkra, \u00e9s ez\u00e9rt amennyire csak lehet igyekszem alkalmazkodni hozz\u00e1d. H\u00e9tv\u00e9g\u00e9n \u00e9s h\u00e9t k\u00f6zben is j\u00f6hetsz, e tekintetben pr\u00f3b\u00e1lok rugalmas lenni.\n\nMunk\u00e1mat a legnagyobb odafigyel\u00e9ssel \u00e9s precizit\u00e1ssal v\u00e9gzem. Szeretn\u00e9m, ha az eredm\u00e9nnyel felfriss\u00fcltnek, sz\u00e9pnek \u00e9s k\u00f6nnyed\u00e9n magabiztosnak \u00e9rezn\u00e9d magad.<\/p><\/div><\/div>\n\n\n\n<div class=\"wp-block-buttons is-layout-flex wp-block-buttons-is-layout-flex\">\n<div class=\"wp-block-button is-style-outline is-style-outline--4\"><a class=\"wp-block-button__link wp-element-button\" href=\"\/hu\/my-story\/\">A t\u00f6rt\u00e9netem\u2026<\/a><\/div>\n<\/div>\n<\/div><\/div>\n\n\n\n<div style=\"height:16px\" aria-hidden=\"true\" class=\"wp-block-spacer\"><\/div>","protected":false},"excerpt":{"rendered":"<p>Exclusive Lash and Brow Salon Welcome to Eszter&#8217;s, where beauty meets calm. My home studio is a peaceful retreat designed to help you slow down and feel cared for, leaving you effortlessly confident. Each treatment is performed with precision and artistry, shaped with genuine attention to detail. The result is a look that is timeless [&hellip;]<\/p>","protected":false},"author":1,"featured_media":0,"parent":0,"menu_order":0,"comment_status":"closed","ping_status":"closed","template":"","meta":{"_uag_custom_page_level_css":"","footnotes":""},"class_list":["post-444","page","type-page","status-publish","hentry"],"blocksy_meta":{"content_style_source":"inherit","has_hero_section":"disabled","page_structure_type":"type-4","styles_descriptor":{"styles":{"desktop":"","tablet":"","mobile":""},"google_fonts":[],"version":6}},"aioseo_notices":[],"_hostinger_reach_plugin_has_subscription_block":false,"_hostinger_reach_plugin_is_elementor":false,"uagb_featured_image_src":{"full":false,"thumbnail":false,"medium":false,"medium_large":false,"large":false,"1536x1536":false,"2048x2048":false,"trp-custom-language-flag":false,"widget-thumbnail":false},"uagb_author_info":{"display_name":"08ndean@googlemail.com","author_link":"https:\/\/eszterslashandbrow.com\/hu\/author\/08ndeangooglemail-com\/"},"uagb_comment_info":0,"uagb_excerpt":"Exclusive Lash and Brow Salon Welcome to Eszter&#8217;s, where beauty meets calm. My home studio is a peaceful retreat designed to help you slow down and feel cared for, leaving you effortlessly confident. Each treatment is performed with precision and artistry, shaped with genuine attention to detail. The result is a look that is timeless&hellip;","_links":{"self":[{"href":"https:\/\/eszterslashandbrow.com\/hu\/wp-json\/wp\/v2\/pages\/444","targetHints":{"allow":["GET"]}}],"collection":[{"href":"https:\/\/eszterslashandbrow.com\/hu\/wp-json\/wp\/v2\/pages"}],"about":[{"href":"https:\/\/eszterslashandbrow.com\/hu\/wp-json\/wp\/v2\/types\/page"}],"author":[{"embeddable":true,"href":"https:\/\/eszterslashandbrow.com\/hu\/wp-json\/wp\/v2\/users\/1"}],"replies":[{"embeddable":true,"href":"https:\/\/eszterslashandbrow.com\/hu\/wp-json\/wp\/v2\/comments?post=444"}],"version-history":[{"count":138,"href":"https:\/\/eszterslashandbrow.com\/hu\/wp-json\/wp\/v2\/pages\/444\/revisions"}],"predecessor-version":[{"id":2490,"href":"https:\/\/eszterslashandbrow.com\/hu\/wp-json\/wp\/v2\/pages\/444\/revisions\/2490"}],"wp:attachment":[{"href":"https:\/\/eszterslashandbrow.com\/hu\/wp-json\/wp\/v2\/media?parent=444"}],"curies":[{"name":"wp","href":"https:\/\/api.w.org\/{rel}","templated":true}]}}